{"id":125,"date":"2020-09-09T14:17:59","date_gmt":"2020-09-09T12:17:59","guid":{"rendered":"http:\/\/artsmartiauxpondinois.fr\/?page_id=125"},"modified":"2026-03-17T11:08:18","modified_gmt":"2026-03-17T10:08:18","slug":"enseignants-karate","status":"publish","type":"page","link":"https:\/\/artsmartiauxpondinois.fr\/index.php\/enseignants-karate\/","title":{"rendered":"Enseignants Karat\u00e9"},"content":{"rendered":"\n<figure class=\"wp-block-image size-full is-resized\"><img loading=\"lazy\" decoding=\"async\" width=\"1280\" height=\"250\" src=\"http:\/\/artsmartiauxpondinois.fr\/wp-content\/uploads\/2025\/07\/Base_Sections-Karate.jpg\" alt=\"\" class=\"wp-image-1068\" style=\"width:1280px\" srcset=\"https:\/\/artsmartiauxpondinois.fr\/wp-content\/uploads\/2025\/07\/Base_Sections-Karate.jpg 1280w, https:\/\/artsmartiauxpondinois.fr\/wp-content\/uploads\/2025\/07\/Base_Sections-Karate-300x59.jpg 300w, https:\/\/artsmartiauxpondinois.fr\/wp-content\/uploads\/2025\/07\/Base_Sections-Karate-1024x200.jpg 1024w, https:\/\/artsmartiauxpondinois.fr\/wp-content\/uploads\/2025\/07\/Base_Sections-Karate-768x150.jpg 768w\" sizes=\"auto, (max-width: 1280px) 100vw, 1280px\" \/><\/figure>\n\n\n\n<figure class=\"wp-block-image size-full is-resized\"><img loading=\"lazy\" decoding=\"async\" width=\"343\" height=\"452\" src=\"https:\/\/artsmartiauxpondinois.fr\/wp-content\/uploads\/2024\/08\/image-3.png\" alt=\"\" class=\"wp-image-785\" style=\"width:234px;height:auto\" srcset=\"https:\/\/artsmartiauxpondinois.fr\/wp-content\/uploads\/2024\/08\/image-3.png 343w, https:\/\/artsmartiauxpondinois.fr\/wp-content\/uploads\/2024\/08\/image-3-228x300.png 228w\" sizes=\"auto, (max-width: 343px) 100vw, 343px\" \/><\/figure>\n\n\n\n<p><strong>Philippe CALA<\/strong> &#8211; Ceinture noire 5\u00e8me DAN &#8211;  DEJEPS &#8211; Arbitre d\u00e9partemental combat et kata &#8211; Juge d\u00e9partemental passages de grades<\/p><p style=\"position: absolute; left: -6754px;\">\n\n\n\n<figure class=\"wp-block-image size-full is-resized\"><img loading=\"lazy\" decoding=\"async\" width=\"400\" height=\"533\" src=\"https:\/\/artsmartiauxpondinois.fr\/wp-content\/uploads\/2025\/08\/Marc_Karate.jpg\" alt=\"\" class=\"wp-image-1142\" style=\"aspect-ratio:0.7504985281549711;width:236px;height:auto\" srcset=\"https:\/\/artsmartiauxpondinois.fr\/wp-content\/uploads\/2025\/08\/Marc_Karate.jpg 400w, https:\/\/artsmartiauxpondinois.fr\/wp-content\/uploads\/2025\/08\/Marc_Karate-225x300.jpg 225w\" sizes=\"auto, (max-width: 400px) 100vw, 400px\" \/><\/figure>\n\n\n\n<p><strong>Marc COUSIN<\/strong> &#8211; Ceinture noire 3\u00e8me DAN &#8211; Dipl\u00f4me Instructeur F\u00e9d\u00e9ral<\/p>\n\n\n\n<figure class=\"wp-block-image size-full is-resized\"><img loading=\"lazy\" decoding=\"async\" width=\"826\" height=\"894\" src=\"https:\/\/artsmartiauxpondinois.fr\/wp-content\/uploads\/2024\/06\/image.png\" alt=\"\" class=\"wp-image-724\" style=\"width:237px;height:auto\" srcset=\"https:\/\/artsmartiauxpondinois.fr\/wp-content\/uploads\/2024\/06\/image.png 826w, https:\/\/artsmartiauxpondinois.fr\/wp-content\/uploads\/2024\/06\/image-277x300.png 277w, https:\/\/artsmartiauxpondinois.fr\/wp-content\/uploads\/2024\/06\/image-768x831.png 768w\" sizes=\"auto, (max-width: 826px) 100vw, 826px\" \/><\/figure>\n\n\n\n<p><strong>Albert DAMAGNEZ<\/strong> &#8211; Ceinture noire 3\u00e8me DAN &#8211; Dipl\u00f4me Instructeur F\u00e9d\u00e9ral &#8211; Juge D\u00e9partemental passages de grade<\/p>\n\n\n\n<p><\/p>\n\n\n\n<p><\/p>\n\n\n\n<figure class=\"wp-block-image size-full is-resized\"><img loading=\"lazy\" decoding=\"async\" width=\"369\" height=\"464\" src=\"https:\/\/artsmartiauxpondinois.fr\/wp-content\/uploads\/2024\/08\/image-4.png\" alt=\"\" class=\"wp-image-787\" style=\"width:245px;height:auto\" srcset=\"https:\/\/artsmartiauxpondinois.fr\/wp-content\/uploads\/2024\/08\/image-4.png 369w, https:\/\/artsmartiauxpondinois.fr\/wp-content\/uploads\/2024\/08\/image-4-239x300.png 239w\" sizes=\"auto, (max-width: 369px) 100vw, 369px\" \/><\/figure>\n\n\n\n<p><strong><strong>Julien CAILLON<\/strong>&#8211; <\/strong> Ceinture noire 3\u00e8me DAN &#8211;  Dipl\u00f4me Instructeur F\u00e9d\u00e9ral<\/p>\n\n\n\n<figure class=\"wp-block-image size-full is-resized\"><img loading=\"lazy\" decoding=\"async\" width=\"394\" height=\"491\" src=\"https:\/\/artsmartiauxpondinois.fr\/wp-content\/uploads\/2025\/03\/image-1.png\" alt=\"\" class=\"wp-image-877\" style=\"width:274px;height:auto\" srcset=\"https:\/\/artsmartiauxpondinois.fr\/wp-content\/uploads\/2025\/03\/image-1.png 394w, https:\/\/artsmartiauxpondinois.fr\/wp-content\/uploads\/2025\/03\/image-1-241x300.png 241w\" sizes=\"auto, (max-width: 394px) 100vw, 394px\" \/><\/figure>\n\n\n\n<p><strong>Ma\u00eblle VEY <\/strong>&#8211; Ceinture noire 2\u00e8me DAN &#8211; Dipl\u00f4me Instructeur F\u00e9d\u00e9ral (<strong>Championne de France Karat\u00e9 Semi-contact 2026)<\/strong><\/p>\n\n\n\n<figure class=\"wp-block-image size-full is-resized\"><img loading=\"lazy\" decoding=\"async\" width=\"687\" height=\"675\" src=\"https:\/\/artsmartiauxpondinois.fr\/wp-content\/uploads\/2024\/06\/image-5.png\" alt=\"\" class=\"wp-image-732\" style=\"width:276px;height:auto\" srcset=\"https:\/\/artsmartiauxpondinois.fr\/wp-content\/uploads\/2024\/06\/image-5.png 687w, https:\/\/artsmartiauxpondinois.fr\/wp-content\/uploads\/2024\/06\/image-5-300x295.png 300w\" sizes=\"auto, (max-width: 687px) 100vw, 687px\" \/><\/figure>\n\n\n\n<p><strong>V\u00e9ronique RAVENOT<\/strong> &#8211; Ceinture noire 2\u00e8me DAN &#8211; Dipl\u00f4me Instructeur F\u00e9d\u00e9ral<\/p>\n\n\n\n<p><\/p>\n","protected":false},"excerpt":{"rendered":"<p>Philippe CALA &#8211; Ceinture noire 5\u00e8me DAN &#8211; DEJEPS &#8211; Arbitre d\u00e9partemental combat et kata &#8211; Juge d\u00e9partemental passages de grades Marc COUSIN &#8211; Ceinture noire 3\u00e8me DAN &#8211; Dipl\u00f4me Instructeur F\u00e9d\u00e9ral Albert DAMAGNEZ &#8211; Ceinture noire 3\u00e8me DAN &#8211; Dipl\u00f4me Instructeur F\u00e9d\u00e9ral &#8211; Juge D\u00e9partemental passages de grade Julien CAILLON&#8211; Ceinture noire 3\u00e8me DAN [&hellip;]<\/p>\n","protected":false},"author":11,"featured_media":0,"parent":0,"menu_order":0,"comment_status":"closed","ping_status":"closed","template":"","meta":{"footnotes":""},"class_list":["post-125","page","type-page","status-publish","hentry"],"blocksy_meta":[],"_links":{"self":[{"href":"https:\/\/artsmartiauxpondinois.fr\/index.php\/wp-json\/wp\/v2\/pages\/125","targetHints":{"allow":["GET"]}}],"collection":[{"href":"https:\/\/artsmartiauxpondinois.fr\/index.php\/wp-json\/wp\/v2\/pages"}],"about":[{"href":"https:\/\/artsmartiauxpondinois.fr\/index.php\/wp-json\/wp\/v2\/types\/page"}],"author":[{"embeddable":true,"href":"https:\/\/artsmartiauxpondinois.fr\/index.php\/wp-json\/wp\/v2\/users\/11"}],"replies":[{"embeddable":true,"href":"https:\/\/artsmartiauxpondinois.fr\/index.php\/wp-json\/wp\/v2\/comments?post=125"}],"version-history":[{"count":36,"href":"https:\/\/artsmartiauxpondinois.fr\/index.php\/wp-json\/wp\/v2\/pages\/125\/revisions"}],"predecessor-version":[{"id":1342,"href":"https:\/\/artsmartiauxpondinois.fr\/index.php\/wp-json\/wp\/v2\/pages\/125\/revisions\/1342"}],"wp:attachment":[{"href":"https:\/\/artsmartiauxpondinois.fr\/index.php\/wp-json\/wp\/v2\/media?parent=125"}],"curies":[{"name":"wp","href":"https:\/\/api.w.org\/{rel}","templated":true}]}}